{"id":179,"date":"2017-08-01T05:17:19","date_gmt":"2017-08-01T05:17:19","guid":{"rendered":"http:\/\/sportix.egemenerd.com\/?page_id=179"},"modified":"2026-08-17T23:32:23","modified_gmt":"2026-08-17T21:32:23","slug":"strona-glowna","status":"publish","type":"page","link":"http:\/\/victoriazmudz.pl\/wordpress\/","title":{"rendered":"Strona g\u0142\u00f3wna"},"content":{"rendered":"<div id=\"pl-179\"  class=\"panel-layout\" ><div id=\"pg-179-0\"  class=\"panel-grid panel-has-style\" ><div class=\"panel-row-style panel-row-style-for-179-0\" ><div id=\"pgc-179-0-0\"  class=\"panel-grid-cell\" ><div id=\"panel-179-0-0-0\" class=\"so-panel widget widget_sportix-post-slider panel-first-child panel-last-child\" data-index=\"0\" ><div\n\t\t\t\n\t\t\tclass=\"so-widget-sportix-post-slider so-widget-sportix-post-slider-base\"\n\t\t\t\n\t\t>\n\n<div class=\"sportix-post-slider-container sportix-bg-loader\">\n    <div id=\"sportix-post-slider-1380515542\" class=\"sportix-post-slider hide-on-load sportix-nav-bottom\">\n   \n       \n        <div data-thumbnail=\"http:\/\/victoriazmudz.pl\/wordpress\/wp-content\/uploads\/2026\/09\/FB_IMG_1788550951549-150x150.jpg\" data-alt=\"Victoria \u017bmud\u017a &#8211; Start Krasnystaw 3:1\">\n                        <div class=\"sportix-post-slider-wrapper spx-2column\">\n            <div class=\"sportix-post-slider-img\">\n                <a href=\"http:\/\/victoriazmudz.pl\/wordpress\/2026\/09\/04\/victoria-start-3-1\/\">\n                    <img decoding=\"async\" src=\"http:\/\/victoriazmudz.pl\/wordpress\/wp-content\/uploads\/2026\/09\/FB_IMG_1788550951549-1000x460.jpg\" alt=\"Victoria \u017bmud\u017a &#8211; Start Krasnystaw 3:1\" \/>\n                <\/a>\n            <\/div>\n            <div class=\"sportix-post-slider-desc\">\n                <div class=\"sportix-post-slider-inner\">\n                    <h2><a href=\"http:\/\/victoriazmudz.pl\/wordpress\/2026\/09\/04\/victoria-start-3-1\/\">Victoria \u017bmud\u017a &#8211; Start Krasnystaw 3:1<\/a><\/h2>\n                    <p>Victoria \u017bmud\u017a &#8211; Start Krasnystaw 3:1 (0:1) Bramki: Karol Fronc 54&#8242; (karny), Damian Urba\u0144ski 68&#8242;, \u0141ukasz Toporowski 70&#8242; &#8211; Karol&hellip;<\/p>                                        <ul class=\"sportix-posts-info\">\n                    <li class=\"sportix-posts-cats-date\"><i class=\"fa fa-clock-o\"><\/i><a href=\"http:\/\/victoriazmudz.pl\/wordpress\/2026\/09\/04\/victoria-start-3-1\/\">04\/09\/2026<\/a><\/li>\n                                        <li class=\"sportix-posts-cats\"><i class=\"fa fa-folder-open\"><\/i><span><a href=\"http:\/\/victoriazmudz.pl\/wordpress\/category\/a-klasa\/\" rel=\"category tag\">A klasa<\/a><\/span>,<span> <a href=\"http:\/\/victoriazmudz.pl\/wordpress\/category\/sezon-2026-2027\/\" rel=\"category tag\">sezon 2026\/2027<\/a><\/span><\/li>\n                                        <\/ul>\n                <div class=\"clear\"><\/div> \n                                <\/div>\n            <\/div>\n            <\/div>\n        <\/div>\n        \n   \n       \n        <div data-thumbnail=\"http:\/\/victoriazmudz.pl\/wordpress\/wp-content\/uploads\/2026\/08\/778972425_1739381580622801_6685895589953866871_n-150x150.jpg\" data-alt=\"Sparta Rejowiec Fabryczny &#8211; Victoria \u017bmud\u017a 1:1\">\n                        <div class=\"sportix-post-slider-wrapper spx-2column\">\n            <div class=\"sportix-post-slider-img\">\n                <a href=\"http:\/\/victoriazmudz.pl\/wordpress\/2026\/08\/27\/sparta-victoria-1-1\/\">\n                    <img decoding=\"async\" src=\"http:\/\/victoriazmudz.pl\/wordpress\/wp-content\/uploads\/2026\/08\/778972425_1739381580622801_6685895589953866871_n-1000x460.jpg\" alt=\"Sparta Rejowiec Fabryczny &#8211; Victoria \u017bmud\u017a 1:1\" \/>\n                <\/a>\n            <\/div>\n            <div class=\"sportix-post-slider-desc\">\n                <div class=\"sportix-post-slider-inner\">\n                    <h2><a href=\"http:\/\/victoriazmudz.pl\/wordpress\/2026\/08\/27\/sparta-victoria-1-1\/\">Sparta Rejowiec Fabryczny &#8211; Victoria \u017bmud\u017a 1:1<\/a><\/h2>\n                    <p>Sparta Rejowiec Fabryczny &#8211; Victoria \u017bmud\u017a 1:1 (1:0) Bramki: Dominik Psuja 25&#8242; &#8211; Jakub Fronc 88&#8242;. Sparta: Wik\u0142o &#8211; Psuja&hellip;<\/p>                                        <ul class=\"sportix-posts-info\">\n                    <li class=\"sportix-posts-cats-date\"><i class=\"fa fa-clock-o\"><\/i><a href=\"http:\/\/victoriazmudz.pl\/wordpress\/2026\/08\/27\/sparta-victoria-1-1\/\">27\/08\/2026<\/a><\/li>\n                                        <li class=\"sportix-posts-cats\"><i class=\"fa fa-folder-open\"><\/i><span><a href=\"http:\/\/victoriazmudz.pl\/wordpress\/category\/a-klasa\/\" rel=\"category tag\">A klasa<\/a><\/span>,<span> <a href=\"http:\/\/victoriazmudz.pl\/wordpress\/category\/sezon-2026-2027\/\" rel=\"category tag\">sezon 2026\/2027<\/a><\/span><\/li>\n                                        <\/ul>\n                <div class=\"clear\"><\/div> \n                                <\/div>\n            <\/div>\n            <\/div>\n        <\/div>\n        \n   \n       \n        <div data-thumbnail=\"http:\/\/victoriazmudz.pl\/wordpress\/wp-content\/uploads\/2023\/06\/351363913_965750704457404_4433727089493443914_n-150x150.jpg\" data-alt=\"Przed rozpocz\u0119ciem rundy jesiennej sezonu 2026\/2027\">\n                        <div class=\"sportix-post-slider-wrapper spx-2column\">\n            <div class=\"sportix-post-slider-img\">\n                <a href=\"http:\/\/victoriazmudz.pl\/wordpress\/2026\/08\/22\/przed-rozpoczeciem-rundy-jesiennej-sezonu-2026-2027\/\">\n                    <img decoding=\"async\" src=\"http:\/\/victoriazmudz.pl\/wordpress\/wp-content\/uploads\/2023\/06\/351363913_965750704457404_4433727089493443914_n-960x460.jpg\" alt=\"Przed rozpocz\u0119ciem rundy jesiennej sezonu 2026\/2027\" \/>\n                <\/a>\n            <\/div>\n            <div class=\"sportix-post-slider-desc\">\n                <div class=\"sportix-post-slider-inner\">\n                    <h2><a href=\"http:\/\/victoriazmudz.pl\/wordpress\/2026\/08\/22\/przed-rozpoczeciem-rundy-jesiennej-sezonu-2026-2027\/\">Przed rozpocz\u0119ciem rundy jesiennej sezonu 2026\/2027<\/a><\/h2>\n                    <p>Kadra Victorii \u017bmud\u017a na rund\u0119 jesienn\u0105 sezonu 2026\/2027: Hubert Ko\u0142odziejczyk, Damian Urba\u0144ski, Dawid Urba\u0144ski, Mateusz Seniuk, Artur Iwat, Mi\u0142osz Kusy,&hellip;<\/p>                                        <ul class=\"sportix-posts-info\">\n                    <li class=\"sportix-posts-cats-date\"><i class=\"fa fa-clock-o\"><\/i><a href=\"http:\/\/victoriazmudz.pl\/wordpress\/2026\/08\/22\/przed-rozpoczeciem-rundy-jesiennej-sezonu-2026-2027\/\">22\/08\/2026<\/a><\/li>\n                                        <li class=\"sportix-posts-cats\"><i class=\"fa fa-folder-open\"><\/i><span><a href=\"http:\/\/victoriazmudz.pl\/wordpress\/category\/a-klasa\/\" rel=\"category tag\">A klasa<\/a><\/span>,<span> <a href=\"http:\/\/victoriazmudz.pl\/wordpress\/category\/sezon-2026-2027\/\" rel=\"category tag\">sezon 2026\/2027<\/a><\/span><\/li>\n                                        <\/ul>\n                <div class=\"clear\"><\/div> \n                                <\/div>\n            <\/div>\n            <\/div>\n        <\/div>\n        \n   \n       \n        <div data-thumbnail=\"http:\/\/victoriazmudz.pl\/wordpress\/wp-content\/uploads\/2021\/08\/IMG_20210829_160038-min-150x150.jpg\" data-alt=\"Terminarz mecz\u00f3w Victorii w rundzie jesiennej\">\n                        <div class=\"sportix-post-slider-wrapper spx-2column\">\n            <div class=\"sportix-post-slider-img\">\n                <a href=\"http:\/\/victoriazmudz.pl\/wordpress\/2026\/08\/17\/terminarz-meczow-victorii-w-rundzie-jesiennej-2627\/\">\n                    <img decoding=\"async\" src=\"http:\/\/victoriazmudz.pl\/wordpress\/wp-content\/uploads\/2021\/08\/IMG_20210829_160038-min-1000x460.jpg\" alt=\"Terminarz mecz\u00f3w Victorii w rundzie jesiennej\" \/>\n                <\/a>\n            <\/div>\n            <div class=\"sportix-post-slider-desc\">\n                <div class=\"sportix-post-slider-inner\">\n                    <h2><a href=\"http:\/\/victoriazmudz.pl\/wordpress\/2026\/08\/17\/terminarz-meczow-victorii-w-rundzie-jesiennej-2627\/\">Terminarz mecz\u00f3w Victorii w rundzie jesiennej<\/a><\/h2>\n                    <p>Oto terminarz mecz\u00f3w Victorii w rundzie jesiennej sezonu 2026\/2027: &nbsp; &nbsp; Kompletny terminarz rozgrywek che\u0142mskiej A klasy w sezonie 2026\/2027&hellip;<\/p>                                        <ul class=\"sportix-posts-info\">\n                    <li class=\"sportix-posts-cats-date\"><i class=\"fa fa-clock-o\"><\/i><a href=\"http:\/\/victoriazmudz.pl\/wordpress\/2026\/08\/17\/terminarz-meczow-victorii-w-rundzie-jesiennej-2627\/\">17\/08\/2026<\/a><\/li>\n                                        <li class=\"sportix-posts-cats\"><i class=\"fa fa-folder-open\"><\/i><span><a href=\"http:\/\/victoriazmudz.pl\/wordpress\/category\/a-klasa\/\" rel=\"category tag\">A klasa<\/a><\/span>,<span> <a href=\"http:\/\/victoriazmudz.pl\/wordpress\/category\/sezon-2026-2027\/\" rel=\"category tag\">sezon 2026\/2027<\/a><\/span><\/li>\n                                        <\/ul>\n                <div class=\"clear\"><\/div> \n                                <\/div>\n            <\/div>\n            <\/div>\n        <\/div>\n        \n   \n       \n        <div data-thumbnail=\"http:\/\/victoriazmudz.pl\/wordpress\/wp-content\/uploads\/2026\/08\/762291901_1043895181738216_3786483885752234936_n-150x150.jpg\" data-alt=\"Victoria \u017bmud\u017a &#8211; Brat-Cukrownik Siennica Nadolna 0:4\">\n                        <div class=\"sportix-post-slider-wrapper spx-2column\">\n            <div class=\"sportix-post-slider-img\">\n                <a href=\"http:\/\/victoriazmudz.pl\/wordpress\/2026\/08\/17\/victoria-brat-0-4\/\">\n                    <img decoding=\"async\" src=\"http:\/\/victoriazmudz.pl\/wordpress\/wp-content\/uploads\/2026\/08\/762291901_1043895181738216_3786483885752234936_n-1000x460.jpg\" alt=\"Victoria \u017bmud\u017a &#8211; Brat-Cukrownik Siennica Nadolna 0:4\" \/>\n                <\/a>\n            <\/div>\n            <div class=\"sportix-post-slider-desc\">\n                <div class=\"sportix-post-slider-inner\">\n                    <h2><a href=\"http:\/\/victoriazmudz.pl\/wordpress\/2026\/08\/17\/victoria-brat-0-4\/\">Victoria \u017bmud\u017a &#8211; Brat-Cukrownik Siennica Nadolna 0:4<\/a><\/h2>\n                    <p>Victoria \u017bmud\u017a &#8211; Brat Cukrownik Siennica Nadolna 0:4 (0:2) Bramki: Wiktor Typiak 24&#8242;, 30&#8242;, Krzysztof P\u0142atek 54&#8242;, Pawe\u0142 Szadura 84&#8242;.&hellip;<\/p>                                        <ul class=\"sportix-posts-info\">\n                    <li class=\"sportix-posts-cats-date\"><i class=\"fa fa-clock-o\"><\/i><a href=\"http:\/\/victoriazmudz.pl\/wordpress\/2026\/08\/17\/victoria-brat-0-4\/\">17\/08\/2026<\/a><\/li>\n                                        <li class=\"sportix-posts-cats\"><i class=\"fa fa-folder-open\"><\/i><span><a href=\"http:\/\/victoriazmudz.pl\/wordpress\/category\/puchar-polski\/\" rel=\"category tag\">Puchar Polski<\/a><\/span>,<span> <a href=\"http:\/\/victoriazmudz.pl\/wordpress\/category\/sezon-2026-2027\/\" rel=\"category tag\">sezon 2026\/2027<\/a><\/span><\/li>\n                                        <\/ul>\n                <div class=\"clear\"><\/div> \n                                <\/div>\n            <\/div>\n            <\/div>\n        <\/div>\n        \n    <\/div>\n    \n    <div id=\"sportix-post-slider-thumbnails-1380515542\" class=\"sportix-post-slider-thumbnails\"><\/div>\n    <div class=\"clear\"><\/div>\n<\/div>\n<script type=\"text\/javascript\">\n(function ($) {\n\"use strict\";    \n$(document).ready(function () {\n    $('#sportix-post-slider-1380515542').slick({\n                autoplay: true,\n        autoplaySpeed: 5000,\n                slidesToShow: 1,\n        adaptiveHeight: true,\n        slidesToScroll: 1,\n                arrows: true,\n        fade: false,\n                dots: true,\n        appendDots: $('#sportix-post-slider-thumbnails-1380515542'),\n        dotsClass: 'slick-dots sportix-slider-dots',\n        customPaging: function (slider, i) {\n            var thumbnail = $(slider.$slides[i]).data('thumbnail');\n            var alt = $(slider.$slides[i]).data('alt');\n            return '<a><img decoding=\"async\" src=\"' + thumbnail + '\" alt=\"' + alt + '\"><\/a>';\n        },\n                responsive: [{breakpoint: 700,settings: {dots: true,arrows: false}}]                        \n    });\n});\n$(window).on('load', function () {\n    $('#sportix-post-slider-1380515542').removeClass('hide-on-load');\n    $('#sportix-post-slider-1380515542').parent().removeClass('sportix-bg-loader');\n});    \n})(jQuery);        \n<\/script>\n<\/div><\/div><\/div><\/div><\/div><div id=\"pg-179-1\"  class=\"panel-grid panel-has-style\" ><div class=\"panel-row-style panel-row-style-for-179-1\" ><div id=\"pgc-179-1-0\"  class=\"panel-grid-cell\" ><div id=\"panel-179-1-0-0\" class=\"so-panel widget widget_sportix-carousel panel-first-child\" data-index=\"1\" ><div\n\t\t\t\n\t\t\tclass=\"so-widget-sportix-carousel so-widget-sportix-carousel-base\"\n\t\t\t\n\t\t>\n<div class=\"sportix-widget-title\">\n    <h3><span>Ostatni mecz<\/span><\/h3>\n    <\/div>\n\n<div class=\"sportix-carousel-container\">\n    <div id=\"sportix-post-carousel-894065558\" class=\"sportix-carousel\">\n<div class=\"sportix-match-template-wrapper\">\n<div class=\"sportix-match-template\">\n<div class=\"sp-template sp-template-event-blocks\">\n\t<div class=\"sp-table-wrapper\">\n\t\t<table class=\"sp-event-blocks sp-data-table\" data-sp-rows=\"1\">\n\t\t\t<thead><tr><th><\/th><\/tr><\/thead> \t\t\t<tbody>\n\t\t\t\t<tr class=\"sp-row sp-post alternate\">\n\t\t\t\t\t<td>\n<div class=\"sportix-calendar-blocks\">\n    <div class=\"sportix-calendar-blocks-logo\">\n                            <a class=\"sportix-team-logo\" href=\"http:\/\/victoriazmudz.pl\/wordpress\/team\/victoria-zmudz\/\"><img decoding=\"async\" src=\"http:\/\/victoriazmudz.pl\/wordpress\/wp-content\/uploads\/2020\/07\/Victoria_Zmudz-300x300.jpg\" alt=\"Victoria \u017bmud\u017a\" \/><\/a>\n                    <\/div>\n    <div class=\"sportix-calendar-blocks-content\">\n        <time class=\"sportix-event-date\" datetime=\"2026-08-30 16:00:00\">\n        30\/08\/2026        <span class=\"sportix-match-time\"><i class=\"fa fa-clock-o\"><\/i> 16:00<\/span>\n        <\/time>\n        <h3>\n            <a href=\"http:\/\/victoriazmudz.pl\/wordpress\/event\/12565\/\" itemprop=\"url\" content=\"http:\/\/victoriazmudz.pl\/wordpress\/event\/12565\/\">Victoria \u017bmud\u017a &#8211; Start 1944 Krasnystaw<\/a>        <\/h3>\n                        <div class=\"sportix-event-results\">\n            <span class=\"sportix-result\">3<\/span> - <span class=\"sportix-result\">1<\/span>\t\t<\/div>\n                <div class=\"sportix-event-results-info\">          \n                       \n                        \n                            <\/div>\n    <\/div>\n    <div class=\"sportix-calendar-blocks-logo\">\n                           <a class=\"sportix-team-logo\" href=\"http:\/\/victoriazmudz.pl\/wordpress\/team\/start-krasnystaw\/\"><img decoding=\"async\" src=\"http:\/\/victoriazmudz.pl\/wordpress\/wp-content\/uploads\/2020\/07\/start_logo.png\" alt=\"Start 1944 Krasnystaw\" \/><\/a>\n                    <\/div>\n<\/div>\n\t\t\t\t\t<\/td>\n\t\t\t\t<\/tr>\n\t\t\t<\/tbody>\n\t\t<\/table>\n\t<\/div>\n<\/div>\n<\/div>\n<\/div>                     \n<div class=\"sportix-match-template-wrapper\">\n<div class=\"sportix-match-template\">\n<div class=\"sp-template sp-template-event-blocks\">\n\t<div class=\"sp-table-wrapper\">\n\t\t<table class=\"sp-event-blocks sp-data-table\" data-sp-rows=\"1\">\n\t\t\t<thead><tr><th><\/th><\/tr><\/thead> \t\t\t<tbody>\n\t\t\t\t<tr class=\"sp-row sp-post alternate\">\n\t\t\t\t\t<td>\n<div class=\"sportix-calendar-blocks\">\n    <div class=\"sportix-calendar-blocks-logo\">\n                            <a class=\"sportix-team-logo\" href=\"http:\/\/victoriazmudz.pl\/wordpress\/team\/sparta-rejowiec-fabryczny\/\"><img decoding=\"async\" src=\"http:\/\/victoriazmudz.pl\/wordpress\/wp-content\/uploads\/2020\/07\/sparta_rejowiec_logo.png\" alt=\"Sparta Rejowiec Fabryczny\" \/><\/a>\n                    <\/div>\n    <div class=\"sportix-calendar-blocks-content\">\n        <time class=\"sportix-event-date\" datetime=\"2026-08-23 16:00:00\">\n        23\/08\/2026        <span class=\"sportix-match-time\"><i class=\"fa fa-clock-o\"><\/i> 16:00<\/span>\n        <\/time>\n        <h3>\n            <a href=\"http:\/\/victoriazmudz.pl\/wordpress\/event\/12557\/\" itemprop=\"url\" content=\"http:\/\/victoriazmudz.pl\/wordpress\/event\/12557\/\">Sparta Rejowiec Fabryczny &#8211; Victoria \u017bmud\u017a<\/a>        <\/h3>\n                        <div class=\"sportix-event-results\">\n            <span class=\"sportix-result\">1<\/span> - <span class=\"sportix-result\">1<\/span>\t\t<\/div>\n                <div class=\"sportix-event-results-info\">          \n                       \n                        \n                            <\/div>\n    <\/div>\n    <div class=\"sportix-calendar-blocks-logo\">\n                           <a class=\"sportix-team-logo\" href=\"http:\/\/victoriazmudz.pl\/wordpress\/team\/victoria-zmudz\/\"><img decoding=\"async\" src=\"http:\/\/victoriazmudz.pl\/wordpress\/wp-content\/uploads\/2020\/07\/Victoria_Zmudz-300x300.jpg\" alt=\"Victoria \u017bmud\u017a\" \/><\/a>\n                    <\/div>\n<\/div>\n\t\t\t\t\t<\/td>\n\t\t\t\t<\/tr>\n\t\t\t<\/tbody>\n\t\t<\/table>\n\t<\/div>\n<\/div>\n<\/div>\n<\/div>                     \n<div class=\"sportix-match-template-wrapper\">\n<div class=\"sportix-match-template\">\n<div class=\"sp-template sp-template-event-blocks\">\n\t<div class=\"sp-table-wrapper\">\n\t\t<table class=\"sp-event-blocks sp-data-table\" data-sp-rows=\"1\">\n\t\t\t<thead><tr><th><\/th><\/tr><\/thead> \t\t\t<tbody>\n\t\t\t\t<tr class=\"sp-row sp-post alternate\">\n\t\t\t\t\t<td>\n<div class=\"sportix-calendar-blocks\">\n    <div class=\"sportix-calendar-blocks-logo\">\n                            <a class=\"sportix-team-logo\" href=\"http:\/\/victoriazmudz.pl\/wordpress\/team\/victoria-zmudz\/\"><img decoding=\"async\" src=\"http:\/\/victoriazmudz.pl\/wordpress\/wp-content\/uploads\/2020\/07\/Victoria_Zmudz-300x300.jpg\" alt=\"Victoria \u017bmud\u017a\" \/><\/a>\n                    <\/div>\n    <div class=\"sportix-calendar-blocks-content\">\n        <time class=\"sportix-event-date\" datetime=\"2026-08-01 17:00:00\">\n        01\/08\/2026        <span class=\"sportix-match-time\"><i class=\"fa fa-clock-o\"><\/i> 17:00<\/span>\n        <\/time>\n        <h3>\n            <a href=\"http:\/\/victoriazmudz.pl\/wordpress\/event\/12496\/\" itemprop=\"url\" content=\"http:\/\/victoriazmudz.pl\/wordpress\/event\/12496\/\">Victoria \u017bmud\u017a &#8211; Brat-Cukrownik Siennica Nad.<\/a>        <\/h3>\n                        <div class=\"sportix-event-results\">\n            <span class=\"sportix-result\">0<\/span> - <span class=\"sportix-result\">4<\/span>\t\t<\/div>\n                <div class=\"sportix-event-results-info\">          \n                       \n                        \n                            <\/div>\n    <\/div>\n    <div class=\"sportix-calendar-blocks-logo\">\n                           <a class=\"sportix-team-logo\" href=\"http:\/\/victoriazmudz.pl\/wordpress\/team\/brat-cukrownik-siennica-nadolna\/\"><img decoding=\"async\" src=\"http:\/\/victoriazmudz.pl\/wordpress\/wp-content\/uploads\/2020\/08\/brat.jpg\" alt=\"Brat-Cukrownik Siennica Nad.\" \/><\/a>\n                    <\/div>\n<\/div>\n\t\t\t\t\t<\/td>\n\t\t\t\t<\/tr>\n\t\t\t<\/tbody>\n\t\t<\/table>\n\t<\/div>\n<\/div>\n<\/div>\n<\/div>                     \n<div class=\"sportix-match-template-wrapper\">\n<div class=\"sportix-match-template\">\n<div class=\"sp-template sp-template-event-blocks\">\n\t<div class=\"sp-table-wrapper\">\n\t\t<table class=\"sp-event-blocks sp-data-table\" data-sp-rows=\"1\">\n\t\t\t<thead><tr><th><\/th><\/tr><\/thead> \t\t\t<tbody>\n\t\t\t\t<tr class=\"sp-row sp-post alternate\">\n\t\t\t\t\t<td>\n<div class=\"sportix-calendar-blocks\">\n    <div class=\"sportix-calendar-blocks-logo\">\n                            <a class=\"sportix-team-logo\" href=\"http:\/\/victoriazmudz.pl\/wordpress\/team\/tatran-krasniczyn\/\"><img decoding=\"async\" src=\"http:\/\/victoriazmudz.pl\/wordpress\/wp-content\/uploads\/2023\/07\/tatran.jpg\" alt=\"Tatran Kra\u015bniczyn\" \/><\/a>\n                    <\/div>\n    <div class=\"sportix-calendar-blocks-content\">\n        <time class=\"sportix-event-date\" datetime=\"2026-06-14 17:00:00\">\n        14\/06\/2026        <span class=\"sportix-match-time\"><i class=\"fa fa-clock-o\"><\/i> 17:00<\/span>\n        <\/time>\n        <h3>\n            <a href=\"http:\/\/victoriazmudz.pl\/wordpress\/event\/12086\/\" itemprop=\"url\" content=\"http:\/\/victoriazmudz.pl\/wordpress\/event\/12086\/\">Tatran Kra\u015bniczyn &#8211; Victoria \u017bmud\u017a<\/a>        <\/h3>\n                        <div class=\"sportix-event-results\">\n            <span class=\"sportix-result\">1<\/span> - <span class=\"sportix-result\">3<\/span>\t\t<\/div>\n                <div class=\"sportix-event-results-info\">          \n                       \n                        \n                            <\/div>\n    <\/div>\n    <div class=\"sportix-calendar-blocks-logo\">\n                           <a class=\"sportix-team-logo\" href=\"http:\/\/victoriazmudz.pl\/wordpress\/team\/victoria-zmudz\/\"><img decoding=\"async\" src=\"http:\/\/victoriazmudz.pl\/wordpress\/wp-content\/uploads\/2020\/07\/Victoria_Zmudz-300x300.jpg\" alt=\"Victoria \u017bmud\u017a\" \/><\/a>\n                    <\/div>\n<\/div>\n\t\t\t\t\t<\/td>\n\t\t\t\t<\/tr>\n\t\t\t<\/tbody>\n\t\t<\/table>\n\t<\/div>\n<\/div>\n<\/div>\n<\/div>                     \n    <\/div>\n<\/div>\n<script type=\"text\/javascript\">\n(function ($) {\n\"use strict\";    \n$(document).ready(function () {\n    $('#sportix-post-carousel-894065558').slick({\n                infinite: false,\n                slidesToScroll: 1,\n                arrows: false,\n        dots : true,\n                adaptiveHeight: true,\n        slidesToShow: 1\n                                                                                 \n    });\n});\n})(jQuery);        \n<\/script>\n\n<\/div><\/div><div id=\"panel-179-1-0-1\" class=\"so-panel widget widget_sportix-carousel panel-last-child\" data-index=\"2\" ><div\n\t\t\t\n\t\t\tclass=\"so-widget-sportix-carousel so-widget-sportix-carousel-base\"\n\t\t\t\n\t\t>\n<div class=\"sportix-widget-title\">\n    <h3><span>Nast\u0119pny mecz<\/span><\/h3>\n    <\/div>\n\n<div class=\"sportix-carousel-container\">\n    <div id=\"sportix-post-carousel-1080575187\" class=\"sportix-carousel\">\n<div class=\"sportix-match-template-wrapper\">\n        \t\t<div class=\"sportix-countdown sp-countdown\">\n            <time datetime=\"2026-09-13 16:00:00\" data-countdown=\"2026\/09\/13 14:00:00\">\n\t\t\t\t<span>07 <small>days<\/small><\/span>\n\t\t\t\t<span>02 <small>hrs<\/small><\/span>\n\t\t\t\t<span>21 <small>mins<\/small><\/span>\n\t\t\t\t<span>31 <small>secs<\/small><\/span>\n\t\t\t<\/time>\n\t\t<\/div>\n        <div class=\"sportix-match-template\">\n<div class=\"sp-template sp-template-event-blocks\">\n\t<div class=\"sp-table-wrapper\">\n\t\t<table class=\"sp-event-blocks sp-data-table\" data-sp-rows=\"1\">\n\t\t\t<thead><tr><th><\/th><\/tr><\/thead> \t\t\t<tbody>\n\t\t\t\t<tr class=\"sp-row sp-post alternate\">\n\t\t\t\t\t<td>\n<div class=\"sportix-calendar-blocks\">\n    <div class=\"sportix-calendar-blocks-logo\">\n                            <a class=\"sportix-team-logo\" href=\"http:\/\/victoriazmudz.pl\/wordpress\/team\/unia-bialopole\/\"><img decoding=\"async\" src=\"http:\/\/victoriazmudz.pl\/wordpress\/wp-content\/uploads\/2020\/07\/unia_bialopole_logo.png\" alt=\"Unia Bia\u0142opole\" \/><\/a>\n                    <\/div>\n    <div class=\"sportix-calendar-blocks-content\">\n        <time class=\"sportix-event-date\" datetime=\"2026-09-13 16:00:00\">\n        13\/09\/2026        <span class=\"sportix-match-time\"><i class=\"fa fa-clock-o\"><\/i> 16:00<\/span>\n        <\/time>\n        <h3>\n            <a href=\"http:\/\/victoriazmudz.pl\/wordpress\/?post_type=sp_event&#038;p=12578\" itemprop=\"url\" content=\"http:\/\/victoriazmudz.pl\/wordpress\/?post_type=sp_event&#038;p=12578\">Unia Bia\u0142opole &#8211; Victoria \u017bmud\u017a<\/a>        <\/h3>\n                        <div class=\"sportix-event-results-info\">          \n                       \n                        \n                            <\/div>\n    <\/div>\n    <div class=\"sportix-calendar-blocks-logo\">\n                           <a class=\"sportix-team-logo\" href=\"http:\/\/victoriazmudz.pl\/wordpress\/team\/victoria-zmudz\/\"><img decoding=\"async\" src=\"http:\/\/victoriazmudz.pl\/wordpress\/wp-content\/uploads\/2020\/07\/Victoria_Zmudz-300x300.jpg\" alt=\"Victoria \u017bmud\u017a\" \/><\/a>\n                    <\/div>\n<\/div>\n\t\t\t\t\t<\/td>\n\t\t\t\t<\/tr>\n\t\t\t<\/tbody>\n\t\t<\/table>\n\t<\/div>\n<\/div>\n<\/div>\n<\/div>                     \n<div class=\"sportix-match-template-wrapper\">\n        \t\t<div class=\"sportix-countdown sp-countdown long-countdown\">\n            <time datetime=\"2026-09-20 16:00:00\" data-countdown=\"2026\/09\/20 14:00:00\">\n\t\t\t\t<span>14 <small>days<\/small><\/span>\n\t\t\t\t<span>02 <small>hrs<\/small><\/span>\n\t\t\t\t<span>21 <small>mins<\/small><\/span>\n\t\t\t\t<span>31 <small>secs<\/small><\/span>\n\t\t\t<\/time>\n\t\t<\/div>\n        <div class=\"sportix-match-template\">\n<div class=\"sp-template sp-template-event-blocks\">\n\t<div class=\"sp-table-wrapper\">\n\t\t<table class=\"sp-event-blocks sp-data-table\" data-sp-rows=\"1\">\n\t\t\t<thead><tr><th><\/th><\/tr><\/thead> \t\t\t<tbody>\n\t\t\t\t<tr class=\"sp-row sp-post alternate\">\n\t\t\t\t\t<td>\n<div class=\"sportix-calendar-blocks\">\n    <div class=\"sportix-calendar-blocks-logo\">\n                            <a class=\"sportix-team-logo\" href=\"http:\/\/victoriazmudz.pl\/wordpress\/team\/victoria-zmudz\/\"><img decoding=\"async\" src=\"http:\/\/victoriazmudz.pl\/wordpress\/wp-content\/uploads\/2020\/07\/Victoria_Zmudz-300x300.jpg\" alt=\"Victoria \u017bmud\u017a\" \/><\/a>\n                    <\/div>\n    <div class=\"sportix-calendar-blocks-content\">\n        <time class=\"sportix-event-date\" datetime=\"2026-09-20 16:00:00\">\n        20\/09\/2026        <span class=\"sportix-match-time\"><i class=\"fa fa-clock-o\"><\/i> 16:00<\/span>\n        <\/time>\n        <h3>\n            <a href=\"http:\/\/victoriazmudz.pl\/wordpress\/?post_type=sp_event&#038;p=12580\" itemprop=\"url\" content=\"http:\/\/victoriazmudz.pl\/wordpress\/?post_type=sp_event&#038;p=12580\">Victoria \u017bmud\u017a &#8211; Astra Le\u015bniowice<\/a>        <\/h3>\n                        <div class=\"sportix-event-results-info\">          \n                       \n                        \n                            <\/div>\n    <\/div>\n    <div class=\"sportix-calendar-blocks-logo\">\n                           <a class=\"sportix-team-logo\" href=\"http:\/\/victoriazmudz.pl\/wordpress\/team\/astra-lesniowice\/\"><img decoding=\"async\" src=\"http:\/\/victoriazmudz.pl\/wordpress\/wp-content\/uploads\/2021\/08\/astra.jpg\" alt=\"Astra Le\u015bniowice\" \/><\/a>\n                    <\/div>\n<\/div>\n\t\t\t\t\t<\/td>\n\t\t\t\t<\/tr>\n\t\t\t<\/tbody>\n\t\t<\/table>\n\t<\/div>\n<\/div>\n<\/div>\n<\/div>                     \n<div class=\"sportix-match-template-wrapper\">\n        \t\t<div class=\"sportix-countdown sp-countdown long-countdown\">\n            <time datetime=\"2026-09-27 16:00:00\" data-countdown=\"2026\/09\/27 14:00:00\">\n\t\t\t\t<span>21 <small>days<\/small><\/span>\n\t\t\t\t<span>02 <small>hrs<\/small><\/span>\n\t\t\t\t<span>21 <small>mins<\/small><\/span>\n\t\t\t\t<span>31 <small>secs<\/small><\/span>\n\t\t\t<\/time>\n\t\t<\/div>\n        <div class=\"sportix-match-template\">\n<div class=\"sp-template sp-template-event-blocks\">\n\t<div class=\"sp-table-wrapper\">\n\t\t<table class=\"sp-event-blocks sp-data-table\" data-sp-rows=\"1\">\n\t\t\t<thead><tr><th><\/th><\/tr><\/thead> \t\t\t<tbody>\n\t\t\t\t<tr class=\"sp-row sp-post alternate\">\n\t\t\t\t\t<td>\n<div class=\"sportix-calendar-blocks\">\n    <div class=\"sportix-calendar-blocks-logo\">\n                            <a class=\"sportix-team-logo\" href=\"http:\/\/victoriazmudz.pl\/wordpress\/team\/spoldzielca-siedliszcze\/\"><img decoding=\"async\" src=\"http:\/\/victoriazmudz.pl\/wordpress\/wp-content\/uploads\/2022\/07\/spoldzielca.jpg\" alt=\"Sp\u00f3\u0142dzielca Siedliszcze\" \/><\/a>\n                    <\/div>\n    <div class=\"sportix-calendar-blocks-content\">\n        <time class=\"sportix-event-date\" datetime=\"2026-09-27 16:00:00\">\n        27\/09\/2026        <span class=\"sportix-match-time\"><i class=\"fa fa-clock-o\"><\/i> 16:00<\/span>\n        <\/time>\n        <h3>\n            <a href=\"http:\/\/victoriazmudz.pl\/wordpress\/?post_type=sp_event&#038;p=12589\" itemprop=\"url\" content=\"http:\/\/victoriazmudz.pl\/wordpress\/?post_type=sp_event&#038;p=12589\">Sp\u00f3\u0142dzielca Siedliszcze &#8211; Victoria \u017bmud\u017a<\/a>        <\/h3>\n                        <div class=\"sportix-event-results-info\">          \n                       \n                        \n                            <\/div>\n    <\/div>\n    <div class=\"sportix-calendar-blocks-logo\">\n                           <a class=\"sportix-team-logo\" href=\"http:\/\/victoriazmudz.pl\/wordpress\/team\/victoria-zmudz\/\"><img decoding=\"async\" src=\"http:\/\/victoriazmudz.pl\/wordpress\/wp-content\/uploads\/2020\/07\/Victoria_Zmudz-300x300.jpg\" alt=\"Victoria \u017bmud\u017a\" \/><\/a>\n                    <\/div>\n<\/div>\n\t\t\t\t\t<\/td>\n\t\t\t\t<\/tr>\n\t\t\t<\/tbody>\n\t\t<\/table>\n\t<\/div>\n<\/div>\n<\/div>\n<\/div>                     \n<div class=\"sportix-match-template-wrapper\">\n        \t\t<div class=\"sportix-countdown sp-countdown long-countdown\">\n            <time datetime=\"2026-10-04 16:00:00\" data-countdown=\"2026\/10\/04 14:00:00\">\n\t\t\t\t<span>28 <small>days<\/small><\/span>\n\t\t\t\t<span>02 <small>hrs<\/small><\/span>\n\t\t\t\t<span>21 <small>mins<\/small><\/span>\n\t\t\t\t<span>31 <small>secs<\/small><\/span>\n\t\t\t<\/time>\n\t\t<\/div>\n        <div class=\"sportix-match-template\">\n<div class=\"sp-template sp-template-event-blocks\">\n\t<div class=\"sp-table-wrapper\">\n\t\t<table class=\"sp-event-blocks sp-data-table\" data-sp-rows=\"1\">\n\t\t\t<thead><tr><th><\/th><\/tr><\/thead> \t\t\t<tbody>\n\t\t\t\t<tr class=\"sp-row sp-post alternate\">\n\t\t\t\t\t<td>\n<div class=\"sportix-calendar-blocks\">\n    <div class=\"sportix-calendar-blocks-logo\">\n                            <a class=\"sportix-team-logo\" href=\"http:\/\/victoriazmudz.pl\/wordpress\/team\/victoria-zmudz\/\"><img decoding=\"async\" src=\"http:\/\/victoriazmudz.pl\/wordpress\/wp-content\/uploads\/2020\/07\/Victoria_Zmudz-300x300.jpg\" alt=\"Victoria \u017bmud\u017a\" \/><\/a>\n                    <\/div>\n    <div class=\"sportix-calendar-blocks-content\">\n        <time class=\"sportix-event-date\" datetime=\"2026-10-04 16:00:00\">\n        04\/10\/2026        <span class=\"sportix-match-time\"><i class=\"fa fa-clock-o\"><\/i> 16:00<\/span>\n        <\/time>\n        <h3>\n            <a href=\"http:\/\/victoriazmudz.pl\/wordpress\/?post_type=sp_event&#038;p=12593\" itemprop=\"url\" content=\"http:\/\/victoriazmudz.pl\/wordpress\/?post_type=sp_event&#038;p=12593\">Victoria \u017bmud\u017a &#8211; GKS START-REGENT<\/a>        <\/h3>\n                        <div class=\"sportix-event-results-info\">          \n                       \n                        \n                            <\/div>\n    <\/div>\n    <div class=\"sportix-calendar-blocks-logo\">\n                           <a class=\"sportix-team-logo\" href=\"http:\/\/victoriazmudz.pl\/wordpress\/team\/gks-start-regent\/\"><img decoding=\"async\" src=\"http:\/\/victoriazmudz.pl\/wordpress\/wp-content\/uploads\/2023\/07\/pawlow-300x300.jpg\" alt=\"GKS START-REGENT\" \/><\/a>\n                    <\/div>\n<\/div>\n\t\t\t\t\t<\/td>\n\t\t\t\t<\/tr>\n\t\t\t<\/tbody>\n\t\t<\/table>\n\t<\/div>\n<\/div>\n<\/div>\n<\/div>                     \n    <\/div>\n<\/div>\n<script type=\"text\/javascript\">\n(function ($) {\n\"use strict\";    \n$(document).ready(function () {\n    $('#sportix-post-carousel-1080575187').slick({\n                infinite: false,\n                slidesToScroll: 1,\n                arrows: false,\n        dots : true,\n                adaptiveHeight: true,\n        slidesToShow: 1\n                                                                                 \n    });\n});\n})(jQuery);        \n<\/script>\n\n<\/div><\/div><\/div><div id=\"pgc-179-1-1\"  class=\"panel-grid-cell\" ><div class=\"sp-widget-align-none\"><div id=\"panel-179-1-1-0\" class=\"so-panel widget widget_sportspress-league-table widget_sportspress widget_league_table widget_sp_league_table panel-first-child\" data-index=\"3\" ><h3 class=\"widget-title\">A klasa 2026\/2027<\/h3><div class=\"sp-template sp-template-league-table\">\n\t<div class=\"sp-table-wrapper\"><table class=\"sportix-responsive-table sp-league-table sp-data-table sp-sortable-table sp-paginated-table sp-scrollable-table\" data-sp-rows=\"14\"><thead><tr><th class=\"data-rank\"> <\/th><th class=\"data-name\"><span>Klub<\/span><\/th><th class=\"data-pts\"><div class=\"tip no-icon\" data-tip=\"Punkty\"><span>Pkt<\/span><\/div><\/th><\/tr><\/thead><tbody><tr class=\"odd sp-row-no-0\"><td class=\"data-rank\" data-label=\"pozycja\">1<\/td><td class=\"data-name has-logo\"><a href=\"http:\/\/victoriazmudz.pl\/wordpress\/team\/znicz-siennica-rozana\/\"><span class=\"team-logo\"><img loading=\"lazy\" decoding=\"async\" width=\"128\" height=\"128\" src=\"http:\/\/victoriazmudz.pl\/wordpress\/wp-content\/uploads\/2022\/07\/znicz_siennica-128x128.png\" class=\"attachment-sportspress-fit-icon size-sportspress-fit-icon wp-post-image\" alt=\"\" \/><\/span>Znicz Siennica R\u00f3\u017cana<\/a><\/td><td class=\"data-pts\" data-label=\"Pkt\">6<\/td><\/tr><tr class=\"even sp-row-no-1\"><td class=\"data-rank\" data-label=\"pozycja\">2<\/td><td class=\"data-name has-logo\"><a href=\"http:\/\/victoriazmudz.pl\/wordpress\/team\/tatran-krasniczyn\/\"><span class=\"team-logo\"><img loading=\"lazy\" decoding=\"async\" width=\"128\" height=\"128\" src=\"http:\/\/victoriazmudz.pl\/wordpress\/wp-content\/uploads\/2023\/07\/tatran-128x128.jpg\" class=\"attachment-sportspress-fit-icon size-sportspress-fit-icon wp-post-image\" alt=\"\" \/><\/span>Tatran Kra\u015bniczyn<\/a><\/td><td class=\"data-pts\" data-label=\"Pkt\">6<\/td><\/tr><tr class=\"odd sp-row-no-2\"><td class=\"data-rank\" data-label=\"pozycja\">3<\/td><td class=\"data-name has-logo\"><a href=\"http:\/\/victoriazmudz.pl\/wordpress\/team\/sawena-sawin\/\"><span class=\"team-logo\"><img loading=\"lazy\" decoding=\"async\" width=\"105\" height=\"128\" src=\"http:\/\/victoriazmudz.pl\/wordpress\/wp-content\/uploads\/2021\/08\/sawena-105x128.jpg\" class=\"attachment-sportspress-fit-icon size-sportspress-fit-icon wp-post-image\" alt=\"\" \/><\/span>Sawena Sawin<\/a><\/td><td class=\"data-pts\" data-label=\"Pkt\">6<\/td><\/tr><tr class=\"even sp-row-no-3\"><td class=\"data-rank\" data-label=\"pozycja\">4<\/td><td class=\"data-name has-logo\"><a href=\"http:\/\/victoriazmudz.pl\/wordpress\/team\/victoria-zmudz\/\"><span class=\"team-logo\"><img loading=\"lazy\" decoding=\"async\" width=\"128\" height=\"128\" src=\"http:\/\/victoriazmudz.pl\/wordpress\/wp-content\/uploads\/2020\/07\/Victoria_Zmudz-128x128.jpg\" class=\"attachment-sportspress-fit-icon size-sportspress-fit-icon wp-post-image\" alt=\"\" \/><\/span>Victoria \u017bmud\u017a<\/a><\/td><td class=\"data-pts\" data-label=\"Pkt\">4<\/td><\/tr><tr class=\"odd sp-row-no-4\"><td class=\"data-rank\" data-label=\"pozycja\">5<\/td><td class=\"data-name has-logo\"><a href=\"http:\/\/victoriazmudz.pl\/wordpress\/team\/sparta-rejowiec-fabryczny\/\"><span class=\"team-logo\"><img loading=\"lazy\" decoding=\"async\" width=\"128\" height=\"128\" src=\"http:\/\/victoriazmudz.pl\/wordpress\/wp-content\/uploads\/2020\/07\/sparta_rejowiec_logo-128x128.png\" class=\"attachment-sportspress-fit-icon size-sportspress-fit-icon wp-post-image\" alt=\"\" \/><\/span>Sparta Rejowiec Fabryczny<\/a><\/td><td class=\"data-pts\" data-label=\"Pkt\">4<\/td><\/tr><tr class=\"even sp-row-no-5\"><td class=\"data-rank\" data-label=\"pozycja\">6<\/td><td class=\"data-name has-logo\"><a href=\"http:\/\/victoriazmudz.pl\/wordpress\/team\/spoldzielca-siedliszcze\/\"><span class=\"team-logo\"><img loading=\"lazy\" decoding=\"async\" width=\"123\" height=\"128\" src=\"http:\/\/victoriazmudz.pl\/wordpress\/wp-content\/uploads\/2022\/07\/spoldzielca-123x128.jpg\" class=\"attachment-sportspress-fit-icon size-sportspress-fit-icon wp-post-image\" alt=\"\" \/><\/span>Sp\u00f3\u0142dzielca Siedliszcze<\/a><\/td><td class=\"data-pts\" data-label=\"Pkt\">3<\/td><\/tr><\/tbody><\/table><\/div><div class=\"sp-league-table-link sp-view-all-link\"><a href=\"http:\/\/victoriazmudz.pl\/wordpress\/table\/tabela-ligowa-a-klasa-2627\/\">Zobacz ca\u0142\u0105 tabel\u0119<\/a><\/div><\/div>\n<\/div><\/div><div id=\"panel-179-1-1-1\" class=\"widget_text so-panel widget widget_custom_html panel-last-child\" data-index=\"4\" ><div class=\"textwidget custom-html-widget\"><\/div><\/div><\/div><\/div><\/div><div id=\"pg-179-2\"  class=\"panel-grid panel-has-style\" ><div class=\"so-parallax siteorigin-panels-stretch panel-row-style panel-row-style-for-179-2\" data-stretch-type=\"full\" ><img fetchpriority=\"high\" decoding=\"async\" width=\"2560\" height=\"1286\" src=\"http:\/\/victoriazmudz.pl\/wordpress\/wp-content\/uploads\/2017\/08\/parallax-image-scaled.jpg\" class=\"attachment-full size-full\" alt=\"\" data-siteorigin-parallax=\"true\" loading=\"eager\" srcset=\"http:\/\/victoriazmudz.pl\/wordpress\/wp-content\/uploads\/2017\/08\/parallax-image-scaled.jpg 2560w, http:\/\/victoriazmudz.pl\/wordpress\/wp-content\/uploads\/2017\/08\/parallax-image-300x151.jpg 300w, http:\/\/victoriazmudz.pl\/wordpress\/wp-content\/uploads\/2017\/08\/parallax-image-1024x514.jpg 1024w, http:\/\/victoriazmudz.pl\/wordpress\/wp-content\/uploads\/2017\/08\/parallax-image-768x386.jpg 768w, http:\/\/victoriazmudz.pl\/wordpress\/wp-content\/uploads\/2017\/08\/parallax-image-1536x772.jpg 1536w, http:\/\/victoriazmudz.pl\/wordpress\/wp-content\/uploads\/2017\/08\/parallax-image-2048x1029.jpg 2048w, http:\/\/victoriazmudz.pl\/wordpress\/wp-content\/uploads\/2017\/08\/parallax-image-128x64.jpg 128w, http:\/\/victoriazmudz.pl\/wordpress\/wp-content\/uploads\/2017\/08\/parallax-image-32x16.jpg 32w, http:\/\/victoriazmudz.pl\/wordpress\/wp-content\/uploads\/2017\/08\/parallax-image-480x241.jpg 480w, http:\/\/victoriazmudz.pl\/wordpress\/wp-content\/uploads\/2017\/08\/parallax-image-600x301.jpg 600w\" sizes=\"(max-width: 2560px) 100vw, 2560px\" \/><div id=\"pgc-179-2-0\"  class=\"panel-grid-cell panel-grid-cell-mobile-last\" ><div id=\"panel-179-2-0-0\" class=\"so-panel widget widget_sportix-editor panel-first-child panel-last-child\" data-index=\"5\" ><div\n\t\t\t\n\t\t\tclass=\"so-widget-sportix-editor so-widget-sportix-editor-base\"\n\t\t\t\n\t\t><div class=\"sportix-panel\">\n        <h3 class=\"sportix-widget-title\"><span>Historia klubu<\/span><\/h3>\n        <p>Na terenie gminy \u017bmud\u017a od 1989 r. prowadzi dzia\u0142alno\u015b\u0107 sportow\u0105 KS VICTORIA \u017bmud\u017a (dawniej LZS), kt\u00f3ra zosta\u0142a za\u0142o\u017cona przez miejscowych sympatyk\u00f3w pi\u0142ki no\u017cnej.<\/p>\n<a href=\"http:\/\/victoriazmudz.pl\/wordpress\/historia-klubu\/\" class=\"sportix-button medium\">Czytaj wi\u0119cej<\/a>\n<\/div><\/div><\/div><\/div><div id=\"pgc-179-2-1\"  class=\"panel-grid-cell panel-grid-cell-empty\" ><\/div><\/div><\/div><div id=\"pg-179-3\"  class=\"panel-grid panel-has-style\" ><div class=\"panel-row-style panel-row-style-for-179-3\" ><div id=\"pgc-179-3-0\"  class=\"panel-grid-cell\" ><div id=\"panel-179-3-0-0\" class=\"so-panel widget widget_sportix-logos panel-first-child panel-last-child\" data-index=\"6\" ><div\n\t\t\t\n\t\t\tclass=\"so-widget-sportix-logos so-widget-sportix-logos-base\"\n\t\t\t\n\t\t>\n<div class=\"sportix-widget-title\">\n    <h3><span>Nasi sponsorzy i partnerzy<\/span><\/h3>\n    <\/div>\n\n    <div id=\"sportix-logos-1634754263\" class=\"sportix-carousel\">\n                <div> \n                                    <div class=\"sportix-logos-single\">\n                                    <a href=\"https:\/\/www.polska.qair.energy\/\" >\n                                    <img decoding=\"async\" src=\"http:\/\/victoriazmudz.pl\/wordpress\/wp-content\/uploads\/2024\/09\/Qair-logo-480px.png\" alt=\"Qair\" \/>    \n                    \n                    <\/a>\n                            <\/div>\n                    <\/div>    \n                <div> \n                                    <div class=\"sportix-logos-single\">\n                                    <a href=\"https:\/\/www.zmudz.gmina.pl\/\" >\n                                    <img decoding=\"async\" src=\"http:\/\/victoriazmudz.pl\/wordpress\/wp-content\/uploads\/2020\/07\/gz.png\" alt=\"Gmina \u017bmud\u017a\" \/>    \n                    \n                    <\/a>\n                            <\/div>\n                    <\/div>    \n                <div> \n                                    <div class=\"sportix-logos-single\">\n                                    <img decoding=\"async\" src=\"http:\/\/victoriazmudz.pl\/wordpress\/wp-content\/uploads\/2024\/09\/W-Zmudzi.jpg\" alt=\"Gminne Centrum Kultury w \u017bmudzi\" \/>    \n                            <\/div>\n                    <\/div>    \n                <div> \n                                    <div class=\"sportix-logos-single\">\n                                    <a href=\"https:\/\/www.batigol.pl\/\" >\n                                    <img decoding=\"async\" src=\"http:\/\/victoriazmudz.pl\/wordpress\/wp-content\/uploads\/2020\/07\/batigol_logo-scaled.jpeg\" alt=\"Bati-gol\" \/>    \n                    \n                    <\/a>\n                            <\/div>\n                    <\/div>    \n                <div> \n                                    <div class=\"sportix-logos-single\">\n                                    <a href=\"https:\/\/www.eurospaw.com.pl\/\" target=\"_blank\">\n                                    <img decoding=\"async\" src=\"http:\/\/victoriazmudz.pl\/wordpress\/wp-content\/uploads\/2020\/07\/eurospaw-640x360-1.jpg\" alt=\"euro-spaw\" \/>    \n                    \n                    <\/a>\n                            <\/div>\n                    <\/div>    \n            <\/div>\n\n<script type=\"text\/javascript\">\n(function ($) {\n\"use strict\";    \n$(document).ready(function () {\n    $('#sportix-logos-1634754263').slick({\n                autoplay: true,\n        autoplaySpeed: 5000,\n                infinite: true,\n        slidesToScroll: 1,\n                arrows: false,\n        dots : false,\n                slidesToShow: 4,\n        responsive: [{breakpoint: 768,settings: {slidesToShow: 3}},{breakpoint: 480,settings: {slidesToShow: 2}}]\n                                                                                  \n    });\n});\n})(jQuery);        \n<\/script>\n<\/div><\/div><\/div><\/div><\/div><\/div>","protected":false},"excerpt":{"rendered":"<p>Victoria \u017bmud\u017a &#8211; Start Krasnystaw 3:1 Victoria \u017bmud\u017a &#8211; Start Krasnystaw 3:1 (0:1) Bramki: Karol Fronc 54&#8242; (karny), Damian Urba\u0144ski 68&#8242;, \u0141ukasz Toporowski 70&#8242; &#8211; Karol&hellip; 04\/09\/2026 A klasa, sezon 2026\/2027 Sparta Rejowiec Fabryczny &#8211; Victoria \u017bmud\u017a 1:1 Sparta Rejowiec Fabryczny &#8211; Victoria \u017bmud\u017a 1:1 (1:0) Bramki: Dominik Psuja 25&#8242; &#8211; Jakub Fronc 88&#8242;. Sparta:&#8230;<\/p>\n","protected":false},"author":1,"featured_media":0,"parent":0,"menu_order":0,"comment_status":"closed","ping_status":"closed","template":"","meta":{"ngg_post_thumbnail":0,"footnotes":""},"class_list":["post-179","page","type-page","status-publish","hentry"],"yoast_head":"<!-- This site is optimized with the Yoast SEO plugin v27.3 - https:\/\/yoast.com\/product\/yoast-seo-wordpress\/ -->\n<title>Strona g\u0142\u00f3wna - Victoria \u017bmud\u017a<\/title>\n<meta name=\"robots\" content=\"index, follow, max-snippet:-1, max-image-preview:large, max-video-preview:-1\" \/>\n<link rel=\"canonical\" href=\"http:\/\/victoriazmudz.pl\/wordpress\/\" \/>\n<meta property=\"og:locale\" content=\"pl_PL\" \/>\n<meta property=\"og:type\" content=\"article\" \/>\n<meta property=\"og:title\" content=\"Strona g\u0142\u00f3wna - Victoria \u017bmud\u017a\" \/>\n<meta property=\"og:description\" content=\"Victoria \u017bmud\u017a &#8211; Start Krasnystaw 3:1 Victoria \u017bmud\u017a &#8211; Start Krasnystaw 3:1 (0:1) Bramki: Karol Fronc 54&#8242; (karny), Damian Urba\u0144ski 68&#8242;, \u0141ukasz Toporowski 70&#8242; &#8211; Karol&hellip; 04\/09\/2026 A klasa, sezon 2026\/2027 Sparta Rejowiec Fabryczny &#8211; Victoria \u017bmud\u017a 1:1 Sparta Rejowiec Fabryczny &#8211; Victoria \u017bmud\u017a 1:1 (1:0) Bramki: Dominik Psuja 25&#8242; &#8211; Jakub Fronc 88&#8242;. Sparta:...\" \/>\n<meta property=\"og:url\" content=\"http:\/\/victoriazmudz.pl\/wordpress\/\" \/>\n<meta property=\"og:site_name\" content=\"Victoria \u017bmud\u017a\" \/>\n<meta property=\"article:publisher\" content=\"https:\/\/pl-pl.facebook.com\/pages\/category\/Amateur-Sports-Team\/Ks-Victoria-%c5%bbmud%c5%ba-464132730352427\/\" \/>\n<meta property=\"article:modified_time\" content=\"2026-08-17T21:32:23+00:00\" \/>\n<meta property=\"og:image\" content=\"http:\/\/victoriazmudz.pl\/wordpress\/wp-content\/uploads\/2017\/08\/parallax-image-scaled.jpg\" \/>\n<meta name=\"twitter:card\" content=\"summary_large_image\" \/>\n<meta name=\"twitter:site\" content=\"@VictoriaZmudz\" \/>\n<meta name=\"twitter:label1\" content=\"Szacowany czas czytania\" \/>\n\t<meta name=\"twitter:data1\" content=\"9 minut\" \/>\n<script type=\"application\/ld+json\" class=\"yoast-schema-graph\">{\"@context\":\"https:\\\/\\\/schema.org\",\"@graph\":[{\"@type\":\"WebPage\",\"@id\":\"http:\\\/\\\/victoriazmudz.pl\\\/wordpress\\\/\",\"url\":\"http:\\\/\\\/victoriazmudz.pl\\\/wordpress\\\/\",\"name\":\"Strona g\u0142\u00f3wna - Victoria \u017bmud\u017a\",\"isPartOf\":{\"@id\":\"http:\\\/\\\/victoriazmudz.pl\\\/wordpress\\\/#website\"},\"primaryImageOfPage\":{\"@id\":\"http:\\\/\\\/victoriazmudz.pl\\\/wordpress\\\/#primaryimage\"},\"image\":{\"@id\":\"http:\\\/\\\/victoriazmudz.pl\\\/wordpress\\\/#primaryimage\"},\"thumbnailUrl\":\"http:\\\/\\\/victoriazmudz.pl\\\/wordpress\\\/wp-content\\\/uploads\\\/2017\\\/08\\\/parallax-image-scaled.jpg\",\"datePublished\":\"2017-08-01T05:17:19+00:00\",\"dateModified\":\"2026-08-17T21:32:23+00:00\",\"breadcrumb\":{\"@id\":\"http:\\\/\\\/victoriazmudz.pl\\\/wordpress\\\/#breadcrumb\"},\"inLanguage\":\"pl-PL\",\"potentialAction\":[{\"@type\":\"ReadAction\",\"target\":[\"http:\\\/\\\/victoriazmudz.pl\\\/wordpress\\\/\"]}]},{\"@type\":\"ImageObject\",\"inLanguage\":\"pl-PL\",\"@id\":\"http:\\\/\\\/victoriazmudz.pl\\\/wordpress\\\/#primaryimage\",\"url\":\"http:\\\/\\\/victoriazmudz.pl\\\/wordpress\\\/wp-content\\\/uploads\\\/2017\\\/08\\\/parallax-image-scaled.jpg\",\"contentUrl\":\"http:\\\/\\\/victoriazmudz.pl\\\/wordpress\\\/wp-content\\\/uploads\\\/2017\\\/08\\\/parallax-image-scaled.jpg\",\"width\":2560,\"height\":1286,\"caption\":\"\"},{\"@type\":\"BreadcrumbList\",\"@id\":\"http:\\\/\\\/victoriazmudz.pl\\\/wordpress\\\/#breadcrumb\",\"itemListElement\":[{\"@type\":\"ListItem\",\"position\":1,\"name\":\"Strona g\u0142\u00f3wna\",\"item\":\"http:\\\/\\\/victoriazmudz.pl\\\/wordpress\\\/\"},{\"@type\":\"ListItem\",\"position\":2,\"name\":\"Strona g\u0142\u00f3wna\"}]},{\"@type\":\"WebSite\",\"@id\":\"http:\\\/\\\/victoriazmudz.pl\\\/wordpress\\\/#website\",\"url\":\"http:\\\/\\\/victoriazmudz.pl\\\/wordpress\\\/\",\"name\":\"Victoria \u017bmud\u017a\",\"description\":\"Strona klubowa Victorii \u017bmud\u017a\",\"publisher\":{\"@id\":\"http:\\\/\\\/victoriazmudz.pl\\\/wordpress\\\/#organization\"},\"potentialAction\":[{\"@type\":\"SearchAction\",\"target\":{\"@type\":\"EntryPoint\",\"urlTemplate\":\"http:\\\/\\\/victoriazmudz.pl\\\/wordpress\\\/?s={search_term_string}\"},\"query-input\":{\"@type\":\"PropertyValueSpecification\",\"valueRequired\":true,\"valueName\":\"search_term_string\"}}],\"inLanguage\":\"pl-PL\"},{\"@type\":\"Organization\",\"@id\":\"http:\\\/\\\/victoriazmudz.pl\\\/wordpress\\\/#organization\",\"name\":\"Victoria \u017bmud\u017a\",\"url\":\"http:\\\/\\\/victoriazmudz.pl\\\/wordpress\\\/\",\"logo\":{\"@type\":\"ImageObject\",\"inLanguage\":\"pl-PL\",\"@id\":\"http:\\\/\\\/victoriazmudz.pl\\\/wordpress\\\/#\\\/schema\\\/logo\\\/image\\\/\",\"url\":\"http:\\\/\\\/victoriazmudz.pl\\\/wordpress\\\/wp-content\\\/uploads\\\/2020\\\/07\\\/logo_mini.png\",\"contentUrl\":\"http:\\\/\\\/victoriazmudz.pl\\\/wordpress\\\/wp-content\\\/uploads\\\/2020\\\/07\\\/logo_mini.png\",\"width\":139,\"height\":181,\"caption\":\"Victoria \u017bmud\u017a\"},\"image\":{\"@id\":\"http:\\\/\\\/victoriazmudz.pl\\\/wordpress\\\/#\\\/schema\\\/logo\\\/image\\\/\"},\"sameAs\":[\"https:\\\/\\\/pl-pl.facebook.com\\\/pages\\\/category\\\/Amateur-Sports-Team\\\/Ks-Victoria-\u017bmud\u017a-464132730352427\\\/\",\"https:\\\/\\\/x.com\\\/VictoriaZmudz\"]}]}<\/script>\n<!-- \/ Yoast SEO plugin. -->","yoast_head_json":{"title":"Strona g\u0142\u00f3wna - Victoria \u017bmud\u017a","robots":{"index":"index","follow":"follow","max-snippet":"max-snippet:-1","max-image-preview":"max-image-preview:large","max-video-preview":"max-video-preview:-1"},"canonical":"http:\/\/victoriazmudz.pl\/wordpress\/","og_locale":"pl_PL","og_type":"article","og_title":"Strona g\u0142\u00f3wna - Victoria \u017bmud\u017a","og_description":"Victoria \u017bmud\u017a &#8211; Start Krasnystaw 3:1 Victoria \u017bmud\u017a &#8211; Start Krasnystaw 3:1 (0:1) Bramki: Karol Fronc 54&#8242; (karny), Damian Urba\u0144ski 68&#8242;, \u0141ukasz Toporowski 70&#8242; &#8211; Karol&hellip; 04\/09\/2026 A klasa, sezon 2026\/2027 Sparta Rejowiec Fabryczny &#8211; Victoria \u017bmud\u017a 1:1 Sparta Rejowiec Fabryczny &#8211; Victoria \u017bmud\u017a 1:1 (1:0) Bramki: Dominik Psuja 25&#8242; &#8211; Jakub Fronc 88&#8242;. Sparta:...","og_url":"http:\/\/victoriazmudz.pl\/wordpress\/","og_site_name":"Victoria \u017bmud\u017a","article_publisher":"https:\/\/pl-pl.facebook.com\/pages\/category\/Amateur-Sports-Team\/Ks-Victoria-%c5%bbmud%c5%ba-464132730352427\/","article_modified_time":"2026-08-17T21:32:23+00:00","og_image":[{"url":"http:\/\/victoriazmudz.pl\/wordpress\/wp-content\/uploads\/2017\/08\/parallax-image-scaled.jpg","type":"","width":"","height":""}],"twitter_card":"summary_large_image","twitter_site":"@VictoriaZmudz","twitter_misc":{"Szacowany czas czytania":"9 minut"},"schema":{"@context":"https:\/\/schema.org","@graph":[{"@type":"WebPage","@id":"http:\/\/victoriazmudz.pl\/wordpress\/","url":"http:\/\/victoriazmudz.pl\/wordpress\/","name":"Strona g\u0142\u00f3wna - Victoria \u017bmud\u017a","isPartOf":{"@id":"http:\/\/victoriazmudz.pl\/wordpress\/#website"},"primaryImageOfPage":{"@id":"http:\/\/victoriazmudz.pl\/wordpress\/#primaryimage"},"image":{"@id":"http:\/\/victoriazmudz.pl\/wordpress\/#primaryimage"},"thumbnailUrl":"http:\/\/victoriazmudz.pl\/wordpress\/wp-content\/uploads\/2017\/08\/parallax-image-scaled.jpg","datePublished":"2017-08-01T05:17:19+00:00","dateModified":"2026-08-17T21:32:23+00:00","breadcrumb":{"@id":"http:\/\/victoriazmudz.pl\/wordpress\/#breadcrumb"},"inLanguage":"pl-PL","potentialAction":[{"@type":"ReadAction","target":["http:\/\/victoriazmudz.pl\/wordpress\/"]}]},{"@type":"ImageObject","inLanguage":"pl-PL","@id":"http:\/\/victoriazmudz.pl\/wordpress\/#primaryimage","url":"http:\/\/victoriazmudz.pl\/wordpress\/wp-content\/uploads\/2017\/08\/parallax-image-scaled.jpg","contentUrl":"http:\/\/victoriazmudz.pl\/wordpress\/wp-content\/uploads\/2017\/08\/parallax-image-scaled.jpg","width":2560,"height":1286,"caption":""},{"@type":"BreadcrumbList","@id":"http:\/\/victoriazmudz.pl\/wordpress\/#breadcrumb","itemListElement":[{"@type":"ListItem","position":1,"name":"Strona g\u0142\u00f3wna","item":"http:\/\/victoriazmudz.pl\/wordpress\/"},{"@type":"ListItem","position":2,"name":"Strona g\u0142\u00f3wna"}]},{"@type":"WebSite","@id":"http:\/\/victoriazmudz.pl\/wordpress\/#website","url":"http:\/\/victoriazmudz.pl\/wordpress\/","name":"Victoria \u017bmud\u017a","description":"Strona klubowa Victorii \u017bmud\u017a","publisher":{"@id":"http:\/\/victoriazmudz.pl\/wordpress\/#organization"},"potentialAction":[{"@type":"SearchAction","target":{"@type":"EntryPoint","urlTemplate":"http:\/\/victoriazmudz.pl\/wordpress\/?s={search_term_string}"},"query-input":{"@type":"PropertyValueSpecification","valueRequired":true,"valueName":"search_term_string"}}],"inLanguage":"pl-PL"},{"@type":"Organization","@id":"http:\/\/victoriazmudz.pl\/wordpress\/#organization","name":"Victoria \u017bmud\u017a","url":"http:\/\/victoriazmudz.pl\/wordpress\/","logo":{"@type":"ImageObject","inLanguage":"pl-PL","@id":"http:\/\/victoriazmudz.pl\/wordpress\/#\/schema\/logo\/image\/","url":"http:\/\/victoriazmudz.pl\/wordpress\/wp-content\/uploads\/2020\/07\/logo_mini.png","contentUrl":"http:\/\/victoriazmudz.pl\/wordpress\/wp-content\/uploads\/2020\/07\/logo_mini.png","width":139,"height":181,"caption":"Victoria \u017bmud\u017a"},"image":{"@id":"http:\/\/victoriazmudz.pl\/wordpress\/#\/schema\/logo\/image\/"},"sameAs":["https:\/\/pl-pl.facebook.com\/pages\/category\/Amateur-Sports-Team\/Ks-Victoria-\u017bmud\u017a-464132730352427\/","https:\/\/x.com\/VictoriaZmudz"]}]}},"jetpack_sharing_enabled":true,"_links":{"self":[{"href":"http:\/\/victoriazmudz.pl\/wordpress\/wp-json\/wp\/v2\/pages\/179","targetHints":{"allow":["GET"]}}],"collection":[{"href":"http:\/\/victoriazmudz.pl\/wordpress\/wp-json\/wp\/v2\/pages"}],"about":[{"href":"http:\/\/victoriazmudz.pl\/wordpress\/wp-json\/wp\/v2\/types\/page"}],"author":[{"embeddable":true,"href":"http:\/\/victoriazmudz.pl\/wordpress\/wp-json\/wp\/v2\/users\/1"}],"replies":[{"embeddable":true,"href":"http:\/\/victoriazmudz.pl\/wordpress\/wp-json\/wp\/v2\/comments?post=179"}],"version-history":[{"count":247,"href":"http:\/\/victoriazmudz.pl\/wordpress\/wp-json\/wp\/v2\/pages\/179\/revisions"}],"predecessor-version":[{"id":12657,"href":"http:\/\/victoriazmudz.pl\/wordpress\/wp-json\/wp\/v2\/pages\/179\/revisions\/12657"}],"wp:attachment":[{"href":"http:\/\/victoriazmudz.pl\/wordpress\/wp-json\/wp\/v2\/media?parent=179"}],"curies":[{"name":"wp","href":"https:\/\/api.w.org\/{rel}","templated":true}]}}