{"version":"1.0","provider_name":"Victoria \u017bmud\u017a","provider_url":"http:\/\/victoriazmudz.pl\/wordpress","author_name":"Pawe\u0142 Mazur","author_url":"http:\/\/victoriazmudz.pl\/wordpress\/author\/pabloo99\/","title":"Przed rozpocz\u0119ciem rundy jesiennej sezonu 2026\/2027 - Victoria \u017bmud\u017a","type":"rich","width":600,"height":338,"html":"<blockquote class=\"wp-embedded-content\" data-secret=\"aFRDb4ttP7\"><a href=\"http:\/\/victoriazmudz.pl\/wordpress\/2026\/08\/22\/przed-rozpoczeciem-rundy-jesiennej-sezonu-2026-2027\/\">Przed rozpocz\u0119ciem rundy jesiennej sezonu 2026\/2027<\/a><\/blockquote><iframe sandbox=\"allow-scripts\" security=\"restricted\" src=\"http:\/\/victoriazmudz.pl\/wordpress\/2026\/08\/22\/przed-rozpoczeciem-rundy-jesiennej-sezonu-2026-2027\/embed\/#?secret=aFRDb4ttP7\" width=\"600\" height=\"338\" title=\"&#8222;Przed rozpocz\u0119ciem rundy jesiennej sezonu 2026\/2027&#8221; &#8212; Victoria \u017bmud\u017a\" data-secret=\"aFRDb4ttP7\" frameborder=\"0\" marginwidth=\"0\" marginheight=\"0\" scrolling=\"no\" class=\"wp-embedded-content\"><\/iframe><script>\n\/*! This file is auto-generated *\/\n!function(d,l){\"use strict\";l.querySelector&&d.addEventListener&&\"undefined\"!=typeof URL&&(d.wp=d.wp||{},d.wp.receiveEmbedMessage||(d.wp.receiveEmbedMessage=function(e){var t=e.data;if((t||t.secret||t.message||t.value)&&!\/[^a-zA-Z0-9]\/.test(t.secret)){for(var s,r,n,a=l.querySelectorAll('iframe[data-secret=\"'+t.secret+'\"]'),o=l.querySelectorAll('blockquote[data-secret=\"'+t.secret+'\"]'),c=new RegExp(\"^https?:$\",\"i\"),i=0;i<o.length;i++)o[i].style.display=\"none\";for(i=0;i<a.length;i++)s=a[i],e.source===s.contentWindow&&(s.removeAttribute(\"style\"),\"height\"===t.message?(1e3<(r=parseInt(t.value,10))?r=1e3:~~r<200&&(r=200),s.height=r):\"link\"===t.message&&(r=new URL(s.getAttribute(\"src\")),n=new URL(t.value),c.test(n.protocol))&&n.host===r.host&&l.activeElement===s&&(d.top.location.href=t.value))}},d.addEventListener(\"message\",d.wp.receiveEmbedMessage,!1),l.addEventListener(\"DOMContentLoaded\",function(){for(var e,t,s=l.querySelectorAll(\"iframe.wp-embedded-content\"),r=0;r<s.length;r++)(t=(e=s[r]).getAttribute(\"data-secret\"))||(t=Math.random().toString(36).substring(2,12),e.src+=\"#?secret=\"+t,e.setAttribute(\"data-secret\",t)),e.contentWindow.postMessage({message:\"ready\",secret:t},\"*\")},!1)))}(window,document);\n\/\/# sourceURL=http:\/\/victoriazmudz.pl\/wordpress\/wp-includes\/js\/wp-embed.min.js\n<\/script>\n","thumbnail_url":"http:\/\/victoriazmudz.pl\/wordpress\/wp-content\/uploads\/2023\/06\/351363913_965750704457404_4433727089493443914_n.jpg","thumbnail_width":960,"thumbnail_height":720,"description":"Kadra Victorii \u017bmud\u017a na rund\u0119 jesienn\u0105 sezonu 2026\/2027: Hubert Ko\u0142odziejczyk, Damian Urba\u0144ski, Dawid Urba\u0144ski, Mateusz Seniuk, Artur Iwat, Mi\u0142osz Kusy, Pawe\u0142 Kossowski, Przemys\u0142aw Pieczykolan, Adrian Czajka, Oskar Grobelny, \u0141ukasz Toporowski, Oskar Tates, Jakub Fronc, Tomasz Tabu\u0142a, Marcin Ostaszewski, Jaros\u0142aw Olejniczak, Robert Wagner, Kamil Fronc, Damian Kasprzycki, Ernest Urba\u0144ski, Seweryn Bojczuk, Karol Fronc, Mateusz Czarnota, Marcin..."}